{"id":30749,"date":"2026-04-26T08:56:42","date_gmt":"2026-04-26T08:56:42","guid":{"rendered":""},"modified":"2026-04-26T08:56:42","modified_gmt":"2026-04-26T08:56:42","slug":"6-velkych-vanocnich-sablon-profi-na-vanocni-snih-zlevneny-30749","status":"publish","type":"product","link":"https:\/\/www.stavexpro.com\/produkt\/6-velkych-vanocnich-sablon-profi-na-vanocni-snih-zlevneny-30749\/","title":{"rendered":"6 velk\u00fdch v\u00e1no\u010dn\u00edch \u0161ablon PROFI na v\u00e1no\u010dn\u00ed sn\u00edh Zlevn\u011bn\u00fd"},"content":{"rendered":"<div class=\"row\">\n<div class=\"col-sm-12 shp-tabs-row responsive-nav\">\n<div class=\"shp-tabs-holder\">\n<ul id=\"p-detail-tabs\" class=\"shp-tabs p-detail-tabs visible-links\" role=\"tablist\">\n<li class=\"shp-tab active\" data-testid=\"tabDescription\">                Popis            <\/li>\n<\/ul>\n<\/div><\/div>\n<div class=\"col-sm-12 \">\n<div id=\"tab-content\" class=\"tab-content\">\n<div id=\"description\" class=\"tab-pane fade in active wide-tab\" role=\"tabpanel\">\n<div class=\"description-inner\">\n<div class=\"basic-description\">                                                        Vyjm\u011bte vyseknut\u00e9 \u010d\u00e1sti \u0161ablon. Pokud chcete \u0161ablonu pou\u017e\u00edvat opakovan\u011b, nast\u0159\u00edkejte povrch bezbarv\u00fdm lakem Prima ve spreji. \u0160ablonu p\u0159ilepte lepic\u00ed p\u00e1skou na okno. Nast\u0159\u00edkejte sn\u00edh ze vzd\u00e1lenosti 30 a\u017e 40 cm. \u0160ablonu opatrn\u011b sejm\u011bte.                            <\/div>\n<div class=\"extended-description\">\n<p><strong>Dopl\u0148kov\u00e9 parametry<\/strong><\/p>\n<table class=\"detail-parameters\">\n<tbody>\n<tr>\n<th>        <span class=\"row-header-label\">            Kategorie<span class=\"row-header-label-colon\">:<\/span>        <\/span>    <\/th>\n<td>        \u0160ablony na malov\u00e1n\u00ed    <\/td>\n<\/tr>\n<tr>\n<th>            <span class=\"row-header-label\">                Hmotnost<span class=\"row-header-label-colon\">:<\/span>            <\/span>        <\/th>\n<td>            0.08 kg        <\/td>\n<\/tr>\n<tr class=\"productEan\">\n<th>          <span class=\"row-header-label productEan__label\">              EAN<span class=\"row-header-label-colon\">:<\/span>          <\/span>      <\/th>\n<td>          <span class=\"productEan__value\">8594044430654<\/span>      <\/td>\n<\/tr>\n<tr>\n<th>                <span class=\"row-header-label\">                                            Zna\u010dka<span class=\"row-header-label-colon\">:<\/span>                                    <\/span>            <\/th>\n<td>                                                            No name                                                <\/td>\n<\/tr>\n<\/tbody>\n<\/table><\/div>\n<\/p><\/div>\n<\/p><\/div>\n<\/p><\/div>\n<\/p><\/div>\n<\/p><\/div>\n<\/p><\/div>\n<\/p><\/div>\n<p>                    <\/main>    <\/div>\n<\/p><\/div>\n","protected":false},"excerpt":{"rendered":"<p>Popis Vyjm\u011bte vyseknut\u00e9 \u010d\u00e1sti \u0161ablon. Pokud chcete \u0161ablonu pou\u017e\u00edvat opakovan\u011b, nast\u0159\u00edkejte povrch bezbarv\u00fdm lakem Prima ve spreji. \u0160ablonu p\u0159ilepte lepic\u00ed p\u00e1skou na okno. Nast\u0159\u00edkejte sn\u00edh ze vzd\u00e1lenosti 30 a\u017e 40 cm. \u0160ablonu opatrn\u011b sejm\u011bte. Dopl\u0148kov\u00e9 parametry Kategorie: \u0160ablony na malov\u00e1n\u00ed Hmotnost: 0.08 kg EAN: 8594044430654 Zna\u010dka: No name<\/p>\n","protected":false},"featured_media":30849,"comment_status":"open","ping_status":"open","template":"","meta":[],"product_brand":[],"product_cat":[49],"product_tag":[],"class_list":{"0":"post-30749","1":"product","2":"type-product","3":"status-publish","4":"has-post-thumbnail","6":"product_cat-specialni-nabidka","8":"first","9":"instock","10":"sale","11":"shipping-taxable","12":"purchasable","13":"product-type-simple"},"yoast_head":"<!-- This site is optimized with the Yoast SEO plugin v26.8 - https:\/\/yoast.com\/product\/yoast-seo-wordpress\/ -->\n<title>6 velk\u00fdch v\u00e1no\u010dn\u00edch \u0161ablon PROFI na v\u00e1no\u010dn\u00ed sn\u00edh Zlevn\u011bn\u00fd -<\/title>\n<meta name=\"robots\" content=\"index, follow, max-snippet:-1, max-image-preview:large, max-video-preview:-1\" \/>\n<link rel=\"canonical\" href=\"https:\/\/www.stavexpro.com\/index.php\/produkt\/6-velkych-vanocnich-sablon-profi-na-vanocni-snih-zlevneny-30749\/\" \/>\n<meta property=\"og:locale\" content=\"cs_CZ\" \/>\n<meta property=\"og:type\" content=\"article\" \/>\n<meta property=\"og:title\" content=\"6 velk\u00fdch v\u00e1no\u010dn\u00edch \u0161ablon PROFI na v\u00e1no\u010dn\u00ed sn\u00edh Zlevn\u011bn\u00fd -\" \/>\n<meta property=\"og:description\" content=\"Popis Vyjm\u011bte vyseknut\u00e9 \u010d\u00e1sti \u0161ablon. Pokud chcete \u0161ablonu pou\u017e\u00edvat opakovan\u011b, nast\u0159\u00edkejte povrch bezbarv\u00fdm lakem Prima ve spreji. \u0160ablonu p\u0159ilepte lepic\u00ed p\u00e1skou na okno. Nast\u0159\u00edkejte sn\u00edh ze vzd\u00e1lenosti 30 a\u017e 40 cm. \u0160ablonu opatrn\u011b sejm\u011bte. Dopl\u0148kov\u00e9 parametry Kategorie: \u0160ablony na malov\u00e1n\u00ed Hmotnost: 0.08 kg EAN: 8594044430654 Zna\u010dka: No name\" \/>\n<meta property=\"og:url\" content=\"https:\/\/www.stavexpro.com\/index.php\/produkt\/6-velkych-vanocnich-sablon-profi-na-vanocni-snih-zlevneny-30749\/\" \/>\n<meta property=\"og:image\" content=\"https:\/\/www.stavexpro.com\/wp-content\/uploads\/2026\/SK0000502-CZ20260425-092254-0-1777080174-18492_6-sablon.webp\" \/>\n\t<meta property=\"og:image:width\" content=\"1000\" \/>\n\t<meta property=\"og:image:height\" content=\"750\" \/>\n\t<meta property=\"og:image:type\" content=\"image\/webp\" \/>\n<meta name=\"twitter:card\" content=\"summary_large_image\" \/>\n<script type=\"application\/ld+json\" class=\"yoast-schema-graph\">{\"@context\":\"https:\/\/schema.org\",\"@graph\":[{\"@type\":\"WebPage\",\"@id\":\"https:\/\/www.stavexpro.com\/index.php\/produkt\/6-velkych-vanocnich-sablon-profi-na-vanocni-snih-zlevneny-30749\/\",\"url\":\"https:\/\/www.stavexpro.com\/index.php\/produkt\/6-velkych-vanocnich-sablon-profi-na-vanocni-snih-zlevneny-30749\/\",\"name\":\"6 velk\u00fdch v\u00e1no\u010dn\u00edch \u0161ablon PROFI na v\u00e1no\u010dn\u00ed sn\u00edh Zlevn\u011bn\u00fd -\",\"isPartOf\":{\"@id\":\"https:\/\/www.stavexpro.com\/#website\"},\"primaryImageOfPage\":{\"@id\":\"https:\/\/www.stavexpro.com\/index.php\/produkt\/6-velkych-vanocnich-sablon-profi-na-vanocni-snih-zlevneny-30749\/#primaryimage\"},\"image\":{\"@id\":\"https:\/\/www.stavexpro.com\/index.php\/produkt\/6-velkych-vanocnich-sablon-profi-na-vanocni-snih-zlevneny-30749\/#primaryimage\"},\"thumbnailUrl\":\"https:\/\/www.stavexpro.com\/wp-content\/uploads\/2026\/SK0000502-CZ20260425-092254-0-1777080174-18492_6-sablon.webp\",\"datePublished\":\"2026-04-26T08:56:42+00:00\",\"breadcrumb\":{\"@id\":\"https:\/\/www.stavexpro.com\/index.php\/produkt\/6-velkych-vanocnich-sablon-profi-na-vanocni-snih-zlevneny-30749\/#breadcrumb\"},\"inLanguage\":\"cs\",\"potentialAction\":[{\"@type\":\"ReadAction\",\"target\":[\"https:\/\/www.stavexpro.com\/index.php\/produkt\/6-velkych-vanocnich-sablon-profi-na-vanocni-snih-zlevneny-30749\/\"]}]},{\"@type\":\"ImageObject\",\"inLanguage\":\"cs\",\"@id\":\"https:\/\/www.stavexpro.com\/index.php\/produkt\/6-velkych-vanocnich-sablon-profi-na-vanocni-snih-zlevneny-30749\/#primaryimage\",\"url\":\"https:\/\/www.stavexpro.com\/wp-content\/uploads\/2026\/SK0000502-CZ20260425-092254-0-1777080174-18492_6-sablon.webp\",\"contentUrl\":\"https:\/\/www.stavexpro.com\/wp-content\/uploads\/2026\/SK0000502-CZ20260425-092254-0-1777080174-18492_6-sablon.webp\",\"width\":1000,\"height\":750},{\"@type\":\"BreadcrumbList\",\"@id\":\"https:\/\/www.stavexpro.com\/index.php\/produkt\/6-velkych-vanocnich-sablon-profi-na-vanocni-snih-zlevneny-30749\/#breadcrumb\",\"itemListElement\":[{\"@type\":\"ListItem\",\"position\":1,\"name\":\"Home\",\"item\":\"https:\/\/www.stavexpro.com\/\"},{\"@type\":\"ListItem\",\"position\":2,\"name\":\"Products\",\"item\":\"https:\/\/www.stavexpro.com\/index.php\/products\/\"},{\"@type\":\"ListItem\",\"position\":3,\"name\":\"6 velk\u00fdch v\u00e1no\u010dn\u00edch \u0161ablon PROFI na v\u00e1no\u010dn\u00ed sn\u00edh Zlevn\u011bn\u00fd\"}]},{\"@type\":\"WebSite\",\"@id\":\"https:\/\/www.stavexpro.com\/#website\",\"url\":\"https:\/\/www.stavexpro.com\/\",\"name\":\"\",\"description\":\"\",\"potentialAction\":[{\"@type\":\"SearchAction\",\"target\":{\"@type\":\"EntryPoint\",\"urlTemplate\":\"https:\/\/www.stavexpro.com\/?s={search_term_string}\"},\"query-input\":{\"@type\":\"PropertyValueSpecification\",\"valueRequired\":true,\"valueName\":\"search_term_string\"}}],\"inLanguage\":\"cs\"}]}<\/script>\n<!-- \/ Yoast SEO plugin. -->","yoast_head_json":{"title":"6 velk\u00fdch v\u00e1no\u010dn\u00edch \u0161ablon PROFI na v\u00e1no\u010dn\u00ed sn\u00edh Zlevn\u011bn\u00fd -","robots":{"index":"index","follow":"follow","max-snippet":"max-snippet:-1","max-image-preview":"max-image-preview:large","max-video-preview":"max-video-preview:-1"},"canonical":"https:\/\/www.stavexpro.com\/index.php\/produkt\/6-velkych-vanocnich-sablon-profi-na-vanocni-snih-zlevneny-30749\/","og_locale":"cs_CZ","og_type":"article","og_title":"6 velk\u00fdch v\u00e1no\u010dn\u00edch \u0161ablon PROFI na v\u00e1no\u010dn\u00ed sn\u00edh Zlevn\u011bn\u00fd -","og_description":"Popis Vyjm\u011bte vyseknut\u00e9 \u010d\u00e1sti \u0161ablon. Pokud chcete \u0161ablonu pou\u017e\u00edvat opakovan\u011b, nast\u0159\u00edkejte povrch bezbarv\u00fdm lakem Prima ve spreji. \u0160ablonu p\u0159ilepte lepic\u00ed p\u00e1skou na okno. Nast\u0159\u00edkejte sn\u00edh ze vzd\u00e1lenosti 30 a\u017e 40 cm. \u0160ablonu opatrn\u011b sejm\u011bte. Dopl\u0148kov\u00e9 parametry Kategorie: \u0160ablony na malov\u00e1n\u00ed Hmotnost: 0.08 kg EAN: 8594044430654 Zna\u010dka: No name","og_url":"https:\/\/www.stavexpro.com\/index.php\/produkt\/6-velkych-vanocnich-sablon-profi-na-vanocni-snih-zlevneny-30749\/","og_image":[{"width":1000,"height":750,"url":"https:\/\/www.stavexpro.com\/wp-content\/uploads\/2026\/SK0000502-CZ20260425-092254-0-1777080174-18492_6-sablon.webp","type":"image\/webp"}],"twitter_card":"summary_large_image","schema":{"@context":"https:\/\/schema.org","@graph":[{"@type":"WebPage","@id":"https:\/\/www.stavexpro.com\/index.php\/produkt\/6-velkych-vanocnich-sablon-profi-na-vanocni-snih-zlevneny-30749\/","url":"https:\/\/www.stavexpro.com\/index.php\/produkt\/6-velkych-vanocnich-sablon-profi-na-vanocni-snih-zlevneny-30749\/","name":"6 velk\u00fdch v\u00e1no\u010dn\u00edch \u0161ablon PROFI na v\u00e1no\u010dn\u00ed sn\u00edh Zlevn\u011bn\u00fd -","isPartOf":{"@id":"https:\/\/www.stavexpro.com\/#website"},"primaryImageOfPage":{"@id":"https:\/\/www.stavexpro.com\/index.php\/produkt\/6-velkych-vanocnich-sablon-profi-na-vanocni-snih-zlevneny-30749\/#primaryimage"},"image":{"@id":"https:\/\/www.stavexpro.com\/index.php\/produkt\/6-velkych-vanocnich-sablon-profi-na-vanocni-snih-zlevneny-30749\/#primaryimage"},"thumbnailUrl":"https:\/\/www.stavexpro.com\/wp-content\/uploads\/2026\/SK0000502-CZ20260425-092254-0-1777080174-18492_6-sablon.webp","datePublished":"2026-04-26T08:56:42+00:00","breadcrumb":{"@id":"https:\/\/www.stavexpro.com\/index.php\/produkt\/6-velkych-vanocnich-sablon-profi-na-vanocni-snih-zlevneny-30749\/#breadcrumb"},"inLanguage":"cs","potentialAction":[{"@type":"ReadAction","target":["https:\/\/www.stavexpro.com\/index.php\/produkt\/6-velkych-vanocnich-sablon-profi-na-vanocni-snih-zlevneny-30749\/"]}]},{"@type":"ImageObject","inLanguage":"cs","@id":"https:\/\/www.stavexpro.com\/index.php\/produkt\/6-velkych-vanocnich-sablon-profi-na-vanocni-snih-zlevneny-30749\/#primaryimage","url":"https:\/\/www.stavexpro.com\/wp-content\/uploads\/2026\/SK0000502-CZ20260425-092254-0-1777080174-18492_6-sablon.webp","contentUrl":"https:\/\/www.stavexpro.com\/wp-content\/uploads\/2026\/SK0000502-CZ20260425-092254-0-1777080174-18492_6-sablon.webp","width":1000,"height":750},{"@type":"BreadcrumbList","@id":"https:\/\/www.stavexpro.com\/index.php\/produkt\/6-velkych-vanocnich-sablon-profi-na-vanocni-snih-zlevneny-30749\/#breadcrumb","itemListElement":[{"@type":"ListItem","position":1,"name":"Home","item":"https:\/\/www.stavexpro.com\/"},{"@type":"ListItem","position":2,"name":"Products","item":"https:\/\/www.stavexpro.com\/index.php\/products\/"},{"@type":"ListItem","position":3,"name":"6 velk\u00fdch v\u00e1no\u010dn\u00edch \u0161ablon PROFI na v\u00e1no\u010dn\u00ed sn\u00edh Zlevn\u011bn\u00fd"}]},{"@type":"WebSite","@id":"https:\/\/www.stavexpro.com\/#website","url":"https:\/\/www.stavexpro.com\/","name":"","description":"","potentialAction":[{"@type":"SearchAction","target":{"@type":"EntryPoint","urlTemplate":"https:\/\/www.stavexpro.com\/?s={search_term_string}"},"query-input":{"@type":"PropertyValueSpecification","valueRequired":true,"valueName":"search_term_string"}}],"inLanguage":"cs"}]}},"_links":{"self":[{"href":"https:\/\/www.stavexpro.com\/wp-json\/wp\/v2\/product\/30749","targetHints":{"allow":["GET"]}}],"collection":[{"href":"https:\/\/www.stavexpro.com\/wp-json\/wp\/v2\/product"}],"about":[{"href":"https:\/\/www.stavexpro.com\/wp-json\/wp\/v2\/types\/product"}],"replies":[{"embeddable":true,"href":"https:\/\/www.stavexpro.com\/wp-json\/wp\/v2\/comments?post=30749"}],"wp:featuredmedia":[{"embeddable":true,"href":"https:\/\/www.stavexpro.com\/wp-json\/wp\/v2\/media\/30849"}],"wp:attachment":[{"href":"https:\/\/www.stavexpro.com\/wp-json\/wp\/v2\/media?parent=30749"}],"wp:term":[{"taxonomy":"product_brand","embeddable":true,"href":"https:\/\/www.stavexpro.com\/wp-json\/wp\/v2\/product_brand?post=30749"},{"taxonomy":"product_cat","embeddable":true,"href":"https:\/\/www.stavexpro.com\/wp-json\/wp\/v2\/product_cat?post=30749"},{"taxonomy":"product_tag","embeddable":true,"href":"https:\/\/www.stavexpro.com\/wp-json\/wp\/v2\/product_tag?post=30749"}],"curies":[{"name":"wp","href":"https:\/\/api.w.org\/{rel}","templated":true}]}}